{"id":15097,"date":"2021-02-22T13:34:02","date_gmt":"2021-02-22T12:34:02","guid":{"rendered":"https:\/\/sosprimates.org\/wp\/?page_id=15097"},"modified":"2026-02-26T11:37:36","modified_gmt":"2026-02-26T10:37:36","slug":"comment-agissons-nous","status":"publish","type":"page","link":"https:\/\/sosprimates.org\/wp\/fr\/comment-agissons-nous\/","title":{"rendered":"Comment agissons-nous"},"content":{"rendered":"<div class=\"fusion-fullwidth fullwidth-box fusion-builder-row-1 hundred-percent-fullwidth non-hundred-percent-height-scrolling\" style=\"--awb-border-radius-top-left:0px;--awb-border-radius-top-right:0px;--awb-border-radius-bottom-right:0px;--awb-border-radius-bottom-left:0px;--awb-overflow:visible;--awb-flex-wrap:wrap;\"><div class=\"fusion-builder-row fusion-row\"><div class=\"fusion-layout-column fusion_builder_column fusion-builder-column-0 fusion_builder_column_1_1 1_1 fusion-one-full fusion-column-first fusion-column-last\" style=\"--awb-bg-blend:overlay;--awb-bg-size:cover;\"><div class=\"fusion-column-wrapper fusion-flex-column-wrapper-legacy\"><div class=\"fusion-text fusion-text-1\"><p align=\"justify\">L\u2019ob\u00adjec\u00adtif prin\u00adci\u00adpal de <strong><span class=\"caps\">SOS<\/span> Pri\u00adma\u00adtes<\/strong> est d\u2019ai\u00adder le <strong>Cen\u00adtre de R\u00e9ha\u00adbi\u00adli\u00adta\u00adtion des Pri\u00adma\u00adtes de Lwi\u00adro (<span class=\"caps\">CRPL<\/span>) <\/strong>en collec\u00adtant des dons. Pour ce fai\u00adre, nous par\u00adti\u00adci\u00adpons \u00e0 des con\u00adf\u00e9\u00adren\u00adces, con\u00adgr\u00e8s, ses\u00adsions pra\u00adti\u00adques, orga\u00adni\u00adsons des ren\u00adcon\u00adtres, des tom\u00adbo\u00adlas, assis\u00adtons \u00e0 des foi\u00adres d\u2019exposition et mar\u00adch\u00e9s, entre autres cho\u00adses. En para\u00adll\u00e8\u00adle, nous sen\u00adsi\u00adbi\u00adli\u00adsons aux mena\u00adces aux\u00adque\u00adlles sont con\u00adfron\u00adt\u00e9s les pri\u00adma\u00adtes dans leurs pays d\u2019o\u00adri\u00adgi\u00adne et dif\u00adfu\u00adsons les tra\u00advaux men\u00e9s par les cen\u00adtres de sau\u00adve\u00adta\u00adge des pri\u00adma\u00adtes \u00e0 tra\u00advers le mon\u00adde. Mais nous aidons \u00e9ga\u00adle\u00adment la com\u00admu\u00adnau\u00adt\u00e9 loca\u00adle, com\u00adme nous le d\u00e9tai\u00adllons ci-dessous.<\/p>\n<\/div><div class=\"fusion-clearfix\"><\/div><\/div><\/div><div class=\"fusion-layout-column fusion_builder_column fusion-builder-column-1 fusion_builder_column_1_1 1_1 fusion-one-full fusion-column-first fusion-column-last\" style=\"--awb-bg-blend:overlay;--awb-bg-size:cover;\"><div class=\"fusion-column-wrapper fusion-flex-column-wrapper-legacy\"><div class=\"fusion-text fusion-text-2\"><p><strong>Cen\u00adtre de R\u00e9ha\u00adbi\u00adli\u00adta\u00adtion des pri\u00adma\u00adtes de&nbsp;Lwiro<\/strong><\/p>\n<p align=\"justify\"><\/p><div class=\"fusion-image-element fusion-image-align-left in-legacy-container\" style=\"text-align:left;--awb-caption-title-font-family:var(--h2_typography-font-family);--awb-caption-title-font-weight:var(--h2_typography-font-weight);--awb-caption-title-font-style:var(--h2_typography-font-style);--awb-caption-title-size:var(--h2_typography-font-size);--awb-caption-title-transform:var(--h2_typography-text-transform);--awb-caption-title-line-height:var(--h2_typography-line-height);--awb-caption-title-letter-spacing:var(--h2_typography-letter-spacing);\"><span class=\" fusion-imageframe imageframe-dropshadow imageframe-1 hover-type-none\" style=\"-webkit-box-shadow: 3px 3px 7px rgba(0,0,0,0.3);box-shadow: 3px 3px 7px rgba(0,0,0,0.3);margin-right:25px;float:left;\"><img decoding=\"async\" width=\"337\" height=\"250\" src=\"https:\/\/sosprimates.org\/wp\/wp-content\/uploads\/2018\/05\/como1.jpg\" alt class=\"img-responsive wp-image-12635\" srcset=\"https:\/\/sosprimates.org\/wp\/wp-content\/uploads\/2018\/05\/como1-200x148.jpg 200w, https:\/\/sosprimates.org\/wp\/wp-content\/uploads\/2018\/05\/como1.jpg 337w\" sizes=\"(max-width: 800px) 100vw, 337px\"><\/span><\/div>Situ\u00e9 en R\u00e9pu\u00adbli\u00adque D\u00e9mo\u00adcra\u00adti\u00adque du Con\u00adgo, le <strong><span class=\"caps\">CRPL<\/span><\/strong> abri\u00adte plus de 90 chim\u00adpan\u00adz\u00e9s et 100 sin\u00adges d\u2019au\u00adtres esp\u00e8\u00adces qui pro\u00advien\u00adnent du bra\u00adcon\u00adna\u00adge et du tra\u00adfic ill\u00e9\u00adgal. De m\u00eame, il abri\u00adte \u00e9ga\u00adle\u00adment tem\u00adpo\u00adrai\u00adre\u00adment d\u2019au\u00adtres ani\u00admaux qui ont \u00e9t\u00e9 con\u00adfis\u00adqu\u00e9s par les auto\u00adri\u00adt\u00e9s envi\u00adron\u00adne\u00admen\u00adta\u00adles (<span class=\"caps\">ICCN<\/span>, Ins\u00adti\u00adtut Con\u00adgo\u00adlais pour la Con\u00adser\u00adva\u00adtion de la Natu\u00adre), tels que des perro\u00adquets, des porcs-\u00e9pics, des tor\u00adtues et des man\u00adgous\u00adtes, entre autres.\n<p align=\"justify\">Pour com\u00adpren\u00addre le pro\u00adjet du <strong><span class=\"caps\">CRPL<\/span><\/strong>, il faut men\u00adtion\u00adner que la popu\u00adla\u00adtion loca\u00adle, en l\u2019ab\u00adsen\u00adce de b\u00e9tail domes\u00adti\u00adque pour sub\u00adve\u00adnir \u00e0 ses besoins ali\u00admen\u00adtai\u00adres, man\u00adge des ani\u00admaux sau\u00adva\u00adges qu\u2019ils chas\u00adsent dans la jun\u00adgle (<em>bush\u00admeat<\/em>) en se con\u00adcen\u00adtrant sur des sp\u00e9\u00adci\u00admens adul\u00adtes, et que la pro\u00adg\u00e9\u00adni\u00adtu\u00adre est des\u00adti\u00adn\u00e9e au mar\u00adch\u00e9 ill\u00e9\u00adgal pour obte\u00adnir de l\u2019ar\u00adgent suppl\u00e9mentaire.<\/p>\n<p align=\"justify\">Le <strong><span class=\"caps\">CRPL<\/span><\/strong> est implan\u00adt\u00e9 au sein de ce qui \u00e9tait un ins\u00adti\u00adtut de recher\u00adche et d\u2019ex\u00adp\u00e9\u00adri\u00admen\u00adta\u00adtion \u00e0 l\u2019\u00e9\u00adpo\u00adque de la colo\u00adni\u00adsa\u00adtion bel\u00adge, et qui est actue\u00adlle\u00adment le <span class=\"caps\">CRSN<\/span>, Cen\u00adtre de Recher\u00adche en Scien\u00adces Natu\u00adre\u00adlles. Il est impor\u00adtant de sou\u00adlig\u00adner que le <strong><span class=\"caps\">CRPL<\/span><\/strong> ne repro\u00adduit pas les pri\u00adma\u00adtes qu\u2019il abri\u00adte car son objec\u00adtif est de con\u00adti\u00adnuer \u00e0 accep\u00adter les orphe\u00adlins de la con\u00adsom\u00adma\u00adtion de vian\u00adde de brous\u00adse et du tra\u00adfic ill\u00e9\u00adgal. De m\u00eame, il n\u2019a\u00adch\u00e8\u00adte pas les ani\u00admaux qui arri\u00advent, mais est des\u00adti\u00adna\u00adtai\u00adre des sai\u00adsies de l\u2019ICCN, colla\u00adbo\u00adrant en cas de besoin, soit \u00e0 des sta\u00adges de for\u00adma\u00adtion pour les gar\u00addes du parc, soit \u00e0 la mise en \u0153uvre de mat\u00e9\u00adriel pour eux. Diver\u00adses <span class=\"caps\">ONG<\/span> inter\u00adna\u00adtio\u00adna\u00adles appor\u00adtent leur sou\u00adtien au <strong><span class=\"caps\">CRPL<\/span><\/strong>, com\u00adme vous pou\u00advez le voir en d\u00e9tail dans la sec\u00adtion \u00abNos colla\u00adbo\u00adra\u00adteurs\u00bb, ain\u00adsi que des <span class=\"caps\">ONG<\/span> natio\u00adna\u00adles, par\u00admi les\u00adque\u00adlles nous sou\u00adlig\u00adnons l\u2019ONG \u00abCoope\u00adra\u00bb qui depuis 2006 a pris l\u2019en\u00adga\u00adge\u00adment de g\u00e9rer le <strong><span class=\"caps\">CRPL<\/span><\/strong>. Actue\u00adlle\u00adment, il exis\u00adte un con\u00adseil con\u00adsul\u00adta\u00adtif qui int\u00e8\u00adgre tou\u00adtes ces orga\u00adni\u00adsa\u00adtions, y com\u00adpris <strong><span class=\"caps\">SOS<\/span> Pri\u00adma\u00adtes<\/strong>.<\/p>\n<\/div><div class=\"fusion-clearfix\"><\/div><\/div><\/div><div class=\"fusion-layout-column fusion_builder_column fusion-builder-column-2 fusion_builder_column_1_3 1_3 fusion-one-third fusion-column-first\" style=\"--awb-bg-blend:overlay;--awb-bg-size:cover;width:33.333333333333%;width:calc(33.333333333333% - ( ( 4% + 4% ) * 0.33333333333333 ) );margin-right: 4%;\"><div class=\"fusion-column-wrapper fusion-flex-column-wrapper-legacy\"><div class=\"fusion-text fusion-text-3\"><h4 style=\"text-align: center;\"><strong>Population locale<\/strong><\/h4>\n<\/div><div class=\"fusion-image-element in-legacy-container\" style=\"--awb-caption-title-font-family:var(--h2_typography-font-family);--awb-caption-title-font-weight:var(--h2_typography-font-weight);--awb-caption-title-font-style:var(--h2_typography-font-style);--awb-caption-title-size:var(--h2_typography-font-size);--awb-caption-title-transform:var(--h2_typography-text-transform);--awb-caption-title-line-height:var(--h2_typography-line-height);--awb-caption-title-letter-spacing:var(--h2_typography-letter-spacing);\"><span class=\" fusion-imageframe imageframe-dropshadow imageframe-2 hover-type-none\" style=\"-webkit-box-shadow: 3px 3px 7px rgba(0,0,0,0.3);box-shadow: 3px 3px 7px rgba(0,0,0,0.3);\"><img decoding=\"async\" width=\"337\" height=\"250\" src=\"https:\/\/sosprimates.org\/wp\/wp-content\/uploads\/2018\/05\/como2.jpg\" alt class=\"img-responsive wp-image-12639\" srcset=\"https:\/\/sosprimates.org\/wp\/wp-content\/uploads\/2018\/05\/como2-200x148.jpg 200w, https:\/\/sosprimates.org\/wp\/wp-content\/uploads\/2018\/05\/como2.jpg 337w\" sizes=\"(max-width: 800px) 100vw, 337px\"><\/span><\/div><div class=\"fusion-sep-clear\"><\/div><div class=\"fusion-separator fusion-full-width-sep\" style=\"margin-left: auto;margin-right: auto;margin-top:20px;width:100%;\"><\/div><div class=\"fusion-sep-clear\"><\/div><div class=\"fusion-text fusion-text-4\"><p align=\"justify\">Le <strong><span class=\"caps\">CRPL<\/span><\/strong> emploie 55 tra\u00advai\u00adlleurs locaux qui re\u00e7oi\u00advent un salai\u00adre et des soins m\u00e9di\u00adcaux pour eux-m\u00eames et leurs fami\u00adlles. C\u2019est la mani\u00e8\u00adre dont le pro\u00adjet est valo\u00adri\u00ads\u00e9 par la com\u00admu\u00adnau\u00adt\u00e9 loca\u00adle. De m\u00eame, les fruits et l\u00e9gu\u00admes, qui sont la nou\u00adrri\u00adtu\u00adre des pen\u00adsion\u00adnai\u00adres du <strong><span class=\"caps\">CRPL<\/span><\/strong>, sont ache\u00adt\u00e9s aux agri\u00adcul\u00adteurs locaux, de sor\u00adte qu\u2019il y ait un com\u00admer\u00adce de pro\u00adxi\u00admi\u00adt\u00e9 qui se r\u00e9per\u00adcu\u00adte sur la popu\u00adla\u00adtion. De la m\u00eame mani\u00e8\u00adre, lors\u00adqu\u2019il y a des tra\u00advaux \u00e0 r\u00e9a\u00adli\u00adser qui impli\u00adque une aug\u00admen\u00adta\u00adtion sp\u00e9\u00adci\u00adfi\u00adque de la main-d\u2019\u0153u\u00advre, com\u00adme la cons\u00adtruc\u00adtion ou la r\u00e9pa\u00adra\u00adtion, entre autres, la popu\u00adla\u00adtion loca\u00adle dans laque\u00adlle se trou\u00adve le cen\u00adtre est tou\u00adjours pri\u00adse en comp\u00adte. Ce fai\u00adsant, nous nous assu\u00adrons que la popu\u00adla\u00adtion loca\u00adle appr\u00e9\u00adcie et res\u00adpec\u00adte le<strong> <span class=\"caps\">CRPL<\/span><\/strong> et son tra\u00advail. Ces acti\u00advi\u00adt\u00e9s et d\u2019au\u00adtres, telles que le tra\u00advail \u00e9du\u00adca\u00adtif avec les plus petits, repr\u00e9\u00adsen\u00adtent un espoir pour la pro\u00adtec\u00adtion des for\u00eats de la R\u00e9pu\u00adbli\u00adque D\u00e9mo\u00adcra\u00adti\u00adque du Con\u00adgo et de ses habi\u00adtants, y com\u00adpris les primates.<\/p>\n<\/div><div class=\"fusion-clearfix\"><\/div><\/div><\/div><div class=\"fusion-layout-column fusion_builder_column fusion-builder-column-3 fusion_builder_column_1_3 1_3 fusion-one-third\" style=\"--awb-bg-size:cover;width:33.333333333333%;width:calc(33.333333333333% - ( ( 4% + 4% ) * 0.33333333333333 ) );margin-right: 4%;\"><div class=\"fusion-column-wrapper fusion-flex-column-wrapper-legacy\"><div class=\"fusion-text fusion-text-5\"><h4 style=\"text-align: center;\"><strong>Heri Kwetu pour les personnes handicap\u00e9es<\/strong><\/h4>\n<\/div><div class=\"fusion-image-element fusion-image-align-center in-legacy-container\" style=\"text-align:center;--awb-caption-title-font-family:var(--h2_typography-font-family);--awb-caption-title-font-weight:var(--h2_typography-font-weight);--awb-caption-title-font-style:var(--h2_typography-font-style);--awb-caption-title-size:var(--h2_typography-font-size);--awb-caption-title-transform:var(--h2_typography-text-transform);--awb-caption-title-line-height:var(--h2_typography-line-height);--awb-caption-title-letter-spacing:var(--h2_typography-letter-spacing);\"><div class=\"imageframe-align-center\"><span class=\" fusion-imageframe imageframe-dropshadow imageframe-3 hover-type-none\" style=\"-webkit-box-shadow: 3px 3px 7px rgba(0,0,0,0.3);box-shadow: 3px 3px 7px rgba(0,0,0,0.3);\"><img decoding=\"async\" width=\"337\" height=\"250\" src=\"https:\/\/sosprimates.org\/wp\/wp-content\/uploads\/2018\/05\/como3.jpg\" alt class=\"img-responsive wp-image-12637\" srcset=\"https:\/\/sosprimates.org\/wp\/wp-content\/uploads\/2018\/05\/como3-200x148.jpg 200w, https:\/\/sosprimates.org\/wp\/wp-content\/uploads\/2018\/05\/como3.jpg 337w\" sizes=\"(max-width: 800px) 100vw, 337px\"><\/span><\/div><\/div><div class=\"fusion-sep-clear\"><\/div><div class=\"fusion-separator fusion-full-width-sep\" style=\"margin-left: auto;margin-right: auto;margin-top:20px;width:100%;\"><\/div><div class=\"fusion-sep-clear\"><\/div><div class=\"fusion-text fusion-text-6\"><p align=\"justify\"><strong><span class=\"caps\">SOS<\/span> Pri\u00adma\u00adtes<\/strong> colla\u00adbo\u00adre depuis sa cr\u00e9a\u00adtion avec le <strong>Cen\u00adtre Heri Kwe\u00adtu pour la r\u00e9ha\u00adbi\u00adli\u00adta\u00adtion des per\u00adson\u00adnes han\u00addi\u00adca\u00adp\u00e9es<\/strong>, dans la capi\u00adta\u00adle de la pro\u00advin\u00adce du Sud-Kivu, Buka\u00advu. L\u00e0-bas, S\u0153ur Tere\u00adsa S\u00e1ez de la Com\u00adpag\u00adnie de Mar\u00eda, a cr\u00e9\u00e9 un cen\u00adtre o\u00f9 elle appor\u00adte une assis\u00adtan\u00adce m\u00e9di\u00adca\u00adle, sco\u00adlai\u00adre, pro\u00adfes\u00adsion\u00adne\u00adlle et de sou\u00adtien \u00e0 de nom\u00adbreu\u00adses per\u00adson\u00adnes qui en font la deman\u00adde, en par\u00adti\u00adcu\u00adlier les plus d\u00e9fa\u00advo\u00adri\u00ads\u00e9es. Des fem\u00admes souf\u00adfrant de divers han\u00addi\u00adcaps tels que la poli\u00adom\u00ady\u00e9\u00adli\u00adte, des pro\u00adbl\u00e8\u00admes visuels ou audi\u00adtifs, des muti\u00adla\u00adtions dues \u00e0 des mines anti\u00adper\u00adson\u00adnel et des viols, entre autres, fabri\u00adquent des figu\u00adri\u00adnes en tis\u00adsu afri\u00adcain, en for\u00adme de tra\u00advai\u00adlleurs con\u00adgo\u00adlais ou d\u2019a\u00adni\u00admaux. <span class=\"caps\">SOS<\/span> Pri\u00adma\u00adtes fait le com\u00admer\u00adce de cet arti\u00adsa\u00adnat en \u00e9chan\u00adge d\u2019un don, afin que nous atteig\u00adnions un dou\u00adble objec\u00adtif, aider le <strong><span class=\"caps\">CRPL<\/span><\/strong> et <strong>Heri Kwe\u00adtu<\/strong>. Si vous \u00eates int\u00e9\u00adres\u00ads\u00e9 par les pro\u00adduits arti\u00adsa\u00adnaux men\u00adtion\u00adn\u00e9s ci-des\u00adsus ou souhai\u00adtez plus d\u2019in\u00adfor\u00adma\u00adtions, contactez-nous.<\/p>\n<\/div><div class=\"fusion-clearfix\"><\/div><\/div><\/div><div class=\"fusion-layout-column fusion_builder_column fusion-builder-column-4 fusion_builder_column_1_3 1_3 fusion-one-third fusion-column-last\" style=\"--awb-bg-blend:overlay;--awb-bg-size:cover;width:33.333333333333%;width:calc(33.333333333333% - ( ( 4% + 4% ) * 0.33333333333333 ) );\"><div class=\"fusion-column-wrapper fusion-flex-column-wrapper-legacy\"><div class=\"fusion-text fusion-text-7\"><h4 style=\"text-align: center;\" align=\"justify\"><strong>Campagnes <span class=\"caps\">SOS<\/span> Primates<\/strong><\/h4>\n<\/div><div class=\"fusion-image-element fusion-image-align-center in-legacy-container\" style=\"text-align:center;--awb-caption-title-font-family:var(--h2_typography-font-family);--awb-caption-title-font-weight:var(--h2_typography-font-weight);--awb-caption-title-font-style:var(--h2_typography-font-style);--awb-caption-title-size:var(--h2_typography-font-size);--awb-caption-title-transform:var(--h2_typography-text-transform);--awb-caption-title-line-height:var(--h2_typography-line-height);--awb-caption-title-letter-spacing:var(--h2_typography-letter-spacing);\"><div class=\"imageframe-align-center\"><span class=\" fusion-imageframe imageframe-dropshadow imageframe-4 hover-type-none\" style=\"-webkit-box-shadow: 3px 3px 7px rgba(0,0,0,0.3);box-shadow: 3px 3px 7px rgba(0,0,0,0.3);\"><img decoding=\"async\" width=\"337\" height=\"250\" title=\"campa\u00f1assosprimates\" src=\"https:\/\/sosprimates.org\/wp\/wp-content\/uploads\/2018\/06\/campa\u00f1assosprimates.jpg\" alt class=\"img-responsive wp-image-12732\" srcset=\"https:\/\/sosprimates.org\/wp\/wp-content\/uploads\/2018\/06\/campa\u00f1assosprimates-200x148.jpg 200w, https:\/\/sosprimates.org\/wp\/wp-content\/uploads\/2018\/06\/campa\u00f1assosprimates.jpg 337w\" sizes=\"(max-width: 800px) 100vw, 337px\"><\/span><\/div><\/div><div class=\"fusion-sep-clear\"><\/div><div class=\"fusion-separator fusion-full-width-sep\" style=\"margin-left: auto;margin-right: auto;margin-top:20px;width:100%;\"><\/div><div class=\"fusion-sep-clear\"><\/div><div class=\"fusion-text fusion-text-8\"><p align=\"justify\">En menant diver\u00adses cam\u00adpag\u00adnes, nous avons r\u00e9a\u00adli\u00ads\u00e9 les actions n\u00e9ces\u00adsai\u00adres pour les tra\u00advai\u00adlleurs ou les pen\u00adsion\u00adnai\u00adres du <strong><span class=\"caps\">CRPL<\/span><\/strong>, ain\u00adsi que pour la popu\u00adla\u00adtion loca\u00adle et les plus d\u00e9fa\u00advo\u00adri\u00ads\u00e9s. Nous avons envo\u00ady\u00e9 les uni\u00adfor\u00admes de tra\u00advail des soig\u00adneurs du <strong>Zoo de Bar\u00adce\u00adlo\u00adne<\/strong> \u00e0 ceux du <strong><span class=\"caps\">CRPL<\/span><\/strong>; ce qui, en plus d\u2019a\u00advoir du bon mat\u00e9\u00adriel pour les t\u00e2ches de net\u00adto\u00adya\u00adge et de d\u00e9sin\u00adfec\u00adtion, entre autres t\u00e2ches qu\u2019ils effec\u00adtuent, repr\u00e9\u00adsen\u00adte une \u00e9co\u00adno\u00admie dans le bud\u00adget annuel des d\u00e9pen\u00adses fixes du per\u00adson\u00adnel du<strong> <span class=\"caps\">CRPL<\/span><\/strong>.<\/p>\n<p align=\"justify\">Un autre exem\u00adple est le <strong>D\u00e9fi Soli\u00addai\u00adre<\/strong> <strong>Prat Bike<\/strong>, o\u00f9 une \u00e9qui\u00adpe de cyclis\u00adtes du club Prat Bike a par\u00adti\u00adci\u00adp\u00e9 \u00e0 la \u00abAlta Via Sta\u00adge Race\u00bb, aidant \u00e0 r\u00e9col\u00adter des dons pour ache\u00adter des pr\u00e9\u00adpa\u00adra\u00adtions en pou\u00addre pour les b\u00e9b\u00e9s du <strong><span class=\"caps\">CRPL<\/span><\/strong>, et pour la sco\u00adla\u00adri\u00adt\u00e9 de 38 enfants sol\u00addats pen\u00addant trois&nbsp;mois.<\/p>\n<\/div><div class=\"fusion-clearfix\"><\/div><\/div><\/div><\/div><\/div>\n","protected":false},"excerpt":{"rendered":"","protected":false},"author":1,"featured_media":0,"parent":0,"menu_order":0,"comment_status":"open","ping_status":"closed","template":"","meta":{"wp_typography_post_enhancements_disabled":false,"footnotes":""},"class_list":["post-15097","page","type-page","status-publish","hentry"],"yoast_head":"<!-- This site is optimized with the Yoast SEO plugin v27.2 - https:\/\/yoast.com\/product\/yoast-seo-wordpress\/ -->\n<title>Comment agissons-nous - SOS Primates<\/title>\n<meta name=\"robots\" content=\"index, follow, max-snippet:-1, max-image-preview:large, max-video-preview:-1\" \/>\n<link rel=\"canonical\" href=\"https:\/\/sosprimates.org\/wp\/fr\/comment-agissons-nous\/\" \/>\n<meta property=\"og:locale\" content=\"es_ES\" \/>\n<meta property=\"og:type\" content=\"article\" \/>\n<meta property=\"og:title\" content=\"Comment agissons-nous - SOS Primates\" \/>\n<meta property=\"og:url\" content=\"https:\/\/sosprimates.org\/wp\/fr\/comment-agissons-nous\/\" \/>\n<meta property=\"og:site_name\" content=\"SOS Primates\" \/>\n<meta property=\"article:publisher\" content=\"https:\/\/www.facebook.com\/profile.php?id=100067417628777\" \/>\n<meta property=\"article:modified_time\" content=\"2026-02-26T10:37:36+00:00\" \/>\n<meta name=\"twitter:card\" content=\"summary_large_image\" \/>\n<meta name=\"twitter:label1\" content=\"Tiempo de lectura\" \/>\n\t<meta name=\"twitter:data1\" content=\"5 minutos\" \/>\n<script type=\"application\/ld+json\" class=\"yoast-schema-graph\">{\"@context\":\"https:\/\/schema.org\",\"@graph\":[{\"@type\":\"WebPage\",\"@id\":\"https:\/\/sosprimates.org\/wp\/fr\/comment-agissons-nous\/\",\"url\":\"https:\/\/sosprimates.org\/wp\/fr\/comment-agissons-nous\/\",\"name\":\"Comment agissons-nous - SOS Primates\",\"isPartOf\":{\"@id\":\"https:\/\/sosprimates.org\/wp\/#website\"},\"datePublished\":\"2021-02-22T12:34:02+00:00\",\"dateModified\":\"2026-02-26T10:37:36+00:00\",\"breadcrumb\":{\"@id\":\"https:\/\/sosprimates.org\/wp\/fr\/comment-agissons-nous\/#breadcrumb\"},\"inLanguage\":\"es\",\"potentialAction\":[{\"@type\":\"ReadAction\",\"target\":[\"https:\/\/sosprimates.org\/wp\/fr\/comment-agissons-nous\/\"]}]},{\"@type\":\"BreadcrumbList\",\"@id\":\"https:\/\/sosprimates.org\/wp\/fr\/comment-agissons-nous\/#breadcrumb\",\"itemListElement\":[{\"@type\":\"ListItem\",\"position\":1,\"name\":\"Portada\",\"item\":\"https:\/\/sosprimates.org\/wp\/\"},{\"@type\":\"ListItem\",\"position\":2,\"name\":\"Comment agissons-nous\"}]},{\"@type\":\"WebSite\",\"@id\":\"https:\/\/sosprimates.org\/wp\/#website\",\"url\":\"https:\/\/sosprimates.org\/wp\/\",\"name\":\"SOS Primates\",\"description\":\"Su futuro depende de nosotros\",\"publisher\":{\"@id\":\"https:\/\/sosprimates.org\/wp\/#organization\"},\"potentialAction\":[{\"@type\":\"SearchAction\",\"target\":{\"@type\":\"EntryPoint\",\"urlTemplate\":\"https:\/\/sosprimates.org\/wp\/?s={search_term_string}\"},\"query-input\":{\"@type\":\"PropertyValueSpecification\",\"valueRequired\":true,\"valueName\":\"search_term_string\"}}],\"inLanguage\":\"es\"},{\"@type\":\"Organization\",\"@id\":\"https:\/\/sosprimates.org\/wp\/#organization\",\"name\":\"SOS Primates\",\"url\":\"https:\/\/sosprimates.org\/wp\/\",\"logo\":{\"@type\":\"ImageObject\",\"inLanguage\":\"es\",\"@id\":\"https:\/\/sosprimates.org\/wp\/#\/schema\/logo\/image\/\",\"url\":\"https:\/\/sosprimates.org\/wp\/wp-content\/uploads\/2018\/04\/logo-red_peq.jpg\",\"contentUrl\":\"https:\/\/sosprimates.org\/wp\/wp-content\/uploads\/2018\/04\/logo-red_peq.jpg\",\"width\":150,\"height\":48,\"caption\":\"SOS Primates\"},\"image\":{\"@id\":\"https:\/\/sosprimates.org\/wp\/#\/schema\/logo\/image\/\"},\"sameAs\":[\"https:\/\/www.facebook.com\/profile.php?id=100067417628777\",\"https:\/\/www.instagram.com\/sosprimates\/\"]}]}<\/script>\n<!-- \/ Yoast SEO plugin. -->","yoast_head_json":{"title":"Comment agissons-nous - SOS Primates","robots":{"index":"index","follow":"follow","max-snippet":"max-snippet:-1","max-image-preview":"max-image-preview:large","max-video-preview":"max-video-preview:-1"},"canonical":"https:\/\/sosprimates.org\/wp\/fr\/comment-agissons-nous\/","og_locale":"es_ES","og_type":"article","og_title":"Comment agissons-nous - SOS Primates","og_url":"https:\/\/sosprimates.org\/wp\/fr\/comment-agissons-nous\/","og_site_name":"SOS Primates","article_publisher":"https:\/\/www.facebook.com\/profile.php?id=100067417628777","article_modified_time":"2026-02-26T10:37:36+00:00","twitter_card":"summary_large_image","twitter_misc":{"Tiempo de lectura":"5 minutos"},"schema":{"@context":"https:\/\/schema.org","@graph":[{"@type":"WebPage","@id":"https:\/\/sosprimates.org\/wp\/fr\/comment-agissons-nous\/","url":"https:\/\/sosprimates.org\/wp\/fr\/comment-agissons-nous\/","name":"Comment agissons-nous - SOS Primates","isPartOf":{"@id":"https:\/\/sosprimates.org\/wp\/#website"},"datePublished":"2021-02-22T12:34:02+00:00","dateModified":"2026-02-26T10:37:36+00:00","breadcrumb":{"@id":"https:\/\/sosprimates.org\/wp\/fr\/comment-agissons-nous\/#breadcrumb"},"inLanguage":"es","potentialAction":[{"@type":"ReadAction","target":["https:\/\/sosprimates.org\/wp\/fr\/comment-agissons-nous\/"]}]},{"@type":"BreadcrumbList","@id":"https:\/\/sosprimates.org\/wp\/fr\/comment-agissons-nous\/#breadcrumb","itemListElement":[{"@type":"ListItem","position":1,"name":"Portada","item":"https:\/\/sosprimates.org\/wp\/"},{"@type":"ListItem","position":2,"name":"Comment agissons-nous"}]},{"@type":"WebSite","@id":"https:\/\/sosprimates.org\/wp\/#website","url":"https:\/\/sosprimates.org\/wp\/","name":"SOS Primates","description":"Su futuro depende de nosotros","publisher":{"@id":"https:\/\/sosprimates.org\/wp\/#organization"},"potentialAction":[{"@type":"SearchAction","target":{"@type":"EntryPoint","urlTemplate":"https:\/\/sosprimates.org\/wp\/?s={search_term_string}"},"query-input":{"@type":"PropertyValueSpecification","valueRequired":true,"valueName":"search_term_string"}}],"inLanguage":"es"},{"@type":"Organization","@id":"https:\/\/sosprimates.org\/wp\/#organization","name":"SOS Primates","url":"https:\/\/sosprimates.org\/wp\/","logo":{"@type":"ImageObject","inLanguage":"es","@id":"https:\/\/sosprimates.org\/wp\/#\/schema\/logo\/image\/","url":"https:\/\/sosprimates.org\/wp\/wp-content\/uploads\/2018\/04\/logo-red_peq.jpg","contentUrl":"https:\/\/sosprimates.org\/wp\/wp-content\/uploads\/2018\/04\/logo-red_peq.jpg","width":150,"height":48,"caption":"SOS Primates"},"image":{"@id":"https:\/\/sosprimates.org\/wp\/#\/schema\/logo\/image\/"},"sameAs":["https:\/\/www.facebook.com\/profile.php?id=100067417628777","https:\/\/www.instagram.com\/sosprimates\/"]}]}},"jetpack_sharing_enabled":true,"_links":{"self":[{"href":"https:\/\/sosprimates.org\/wp\/wp-json\/wp\/v2\/pages\/15097","targetHints":{"allow":["GET"]}}],"collection":[{"href":"https:\/\/sosprimates.org\/wp\/wp-json\/wp\/v2\/pages"}],"about":[{"href":"https:\/\/sosprimates.org\/wp\/wp-json\/wp\/v2\/types\/page"}],"author":[{"embeddable":true,"href":"https:\/\/sosprimates.org\/wp\/wp-json\/wp\/v2\/users\/1"}],"replies":[{"embeddable":true,"href":"https:\/\/sosprimates.org\/wp\/wp-json\/wp\/v2\/comments?post=15097"}],"version-history":[{"count":8,"href":"https:\/\/sosprimates.org\/wp\/wp-json\/wp\/v2\/pages\/15097\/revisions"}],"predecessor-version":[{"id":21805,"href":"https:\/\/sosprimates.org\/wp\/wp-json\/wp\/v2\/pages\/15097\/revisions\/21805"}],"wp:attachment":[{"href":"https:\/\/sosprimates.org\/wp\/wp-json\/wp\/v2\/media?parent=15097"}],"curies":[{"name":"wp","href":"https:\/\/api.w.org\/{rel}","templated":true}]}}